{"id":79,"date":"2020-06-16T00:09:00","date_gmt":"2020-06-16T03:09:00","guid":{"rendered":"http:\/\/localhost\/wordpress\/?page_id=79"},"modified":"2023-07-14T12:04:15","modified_gmt":"2023-07-14T15:04:15","slug":"normas","status":"publish","type":"page","link":"https:\/\/coloquioeducon.com\/xvii\/normas\/","title":{"rendered":"Normas"},"content":{"rendered":"\t\t<div data-elementor-type=\"wp-page\" data-elementor-id=\"79\" class=\"elementor elementor-79\">\n\t\t\t\t\t\t<section class=\"elementor-section elementor-top-section elementor-element elementor-element-171eb820 elementor-section-boxed elementor-section-height-default elementor-section-height-default\" data-id=\"171eb820\" data-element_type=\"section\" data-e-type=\"section\">\n\t\t\t\t\t\t<div class=\"elementor-container elementor-column-gap-default\">\n\t\t\t\t\t<div class=\"elementor-column elementor-col-100 elementor-top-column elementor-element elementor-element-6077288\" data-id=\"6077288\" data-element_type=\"column\" data-e-type=\"column\">\n\t\t\t<div class=\"elementor-widget-wrap elementor-element-populated\">\n\t\t\t\t\t\t<div class=\"elementor-element elementor-element-6bb76d7b elementor-widget elementor-widget-text-editor\" data-id=\"6bb76d7b\" data-element_type=\"widget\" data-e-type=\"widget\" data-widget_type=\"text-editor.default\">\n\t\t\t\t<div class=\"elementor-widget-container\">\n\t\t\t\t\t\t\t\t\t<p><\/p>\n<div class=\"wp-block-group is-layout-flow wp-block-group-is-layout-flow\">\n<p><\/p>\n<figure class=\"wp-block-pullquote\">\n<blockquote>\n<h5><strong><em>Antes de realizar sua <a href=\"https:\/\/coloquioeducon.com\/org_trabalhos\/\" data-type=\"URL\" data-id=\"https:\/\/coloquioeducon.com\/org_trabalhos\/\">inscri\u00e7\u00e3o<\/a>,\u00a0\u00e9 necess\u00e1rio ler cuidadosamente as Normas abaixo e as Diretrizes para Autores.<\/em><\/strong><\/h5>\n<\/blockquote>\n<\/figure>\n<\/div>\n<p><\/p>\t\t\t\t\t\t\t\t<\/div>\n\t\t\t\t<\/div>\n\t\t\t\t\t<\/div>\n\t\t<\/div>\n\t\t\t\t\t<\/div>\n\t\t<\/section>\n\t\t\t\t<section class=\"elementor-section elementor-top-section elementor-element elementor-element-6422e6d elementor-section-boxed elementor-section-height-default elementor-section-height-default\" data-id=\"6422e6d\" data-element_type=\"section\" data-e-type=\"section\">\n\t\t\t\t\t\t<div class=\"elementor-container elementor-column-gap-default\">\n\t\t\t\t\t<div class=\"elementor-column elementor-col-100 elementor-top-column elementor-element elementor-element-14cea01\" data-id=\"14cea01\" data-element_type=\"column\" data-e-type=\"column\">\n\t\t\t<div class=\"elementor-widget-wrap elementor-element-populated\">\n\t\t\t\t\t\t<div class=\"elementor-element elementor-element-9a214cd elementor-tabs-view-horizontal elementor-widget elementor-widget-tabs\" data-id=\"9a214cd\" data-element_type=\"widget\" data-e-type=\"widget\" data-widget_type=\"tabs.default\">\n\t\t\t\t<div class=\"elementor-widget-container\">\n\t\t\t\t\t\t\t<div class=\"elementor-tabs\">\n\t\t\t<div class=\"elementor-tabs-wrapper\" role=\"tablist\" >\n\t\t\t\t\t\t\t\t\t<div id=\"elementor-tab-title-1611\" class=\"elementor-tab-title elementor-tab-desktop-title\" aria-selected=\"true\" data-tab=\"1\" role=\"tab\" tabindex=\"0\" aria-controls=\"elementor-tab-content-1611\" aria-expanded=\"false\">Inscri\u00e7\u00e3o<\/div>\n\t\t\t\t\t\t\t\t\t<div id=\"elementor-tab-title-1612\" class=\"elementor-tab-title elementor-tab-desktop-title\" aria-selected=\"false\" data-tab=\"2\" role=\"tab\" tabindex=\"-1\" aria-controls=\"elementor-tab-content-1612\" aria-expanded=\"false\">Tipos de Inscri\u00e7\u00e3o<\/div>\n\t\t\t\t\t\t\t\t\t<div id=\"elementor-tab-title-1613\" class=\"elementor-tab-title elementor-tab-desktop-title\" aria-selected=\"false\" data-tab=\"3\" role=\"tab\" tabindex=\"-1\" aria-controls=\"elementor-tab-content-1613\" aria-expanded=\"false\">Investimento<\/div>\n\t\t\t\t\t\t\t\t\t<div id=\"elementor-tab-title-1614\" class=\"elementor-tab-title elementor-tab-desktop-title\" aria-selected=\"false\" data-tab=\"4\" role=\"tab\" tabindex=\"-1\" aria-controls=\"elementor-tab-content-1614\" aria-expanded=\"false\">Programa\u00e7\u00e3o<\/div>\n\t\t\t\t\t\t\t\t\t<div id=\"elementor-tab-title-1615\" class=\"elementor-tab-title elementor-tab-desktop-title\" aria-selected=\"false\" data-tab=\"5\" role=\"tab\" tabindex=\"-1\" aria-controls=\"elementor-tab-content-1615\" aria-expanded=\"false\">Cronograma<\/div>\n\t\t\t\t\t\t\t<\/div>\n\t\t\t<div class=\"elementor-tabs-content-wrapper\" role=\"tablist\" aria-orientation=\"vertical\">\n\t\t\t\t\t\t\t\t\t<div class=\"elementor-tab-title elementor-tab-mobile-title\" aria-selected=\"true\" data-tab=\"1\" role=\"tab\" tabindex=\"0\" aria-controls=\"elementor-tab-content-1611\" aria-expanded=\"false\">Inscri\u00e7\u00e3o<\/div>\n\t\t\t\t\t<div id=\"elementor-tab-content-1611\" class=\"elementor-tab-content elementor-clearfix\" data-tab=\"1\" role=\"tabpanel\" aria-labelledby=\"elementor-tab-title-1611\" tabindex=\"0\" hidden=\"false\"><p style=\"font-size: 21px; text-align: left; max-width: 100%;\">Nesta edi\u00e7\u00e3o,\u00a0<span style=\"font-weight: bold;\">o processo de inscri\u00e7\u00e3o ser\u00e1 realizado em at\u00e9 4 etapas (n\u00e3o se preocupe pois s\u00e3o todas muito simples e intuitivas)<\/span>:<\/p>\n<p style=\"font-size: 21px; text-align: left; max-width: 100%;\"><span style=\"font-weight: bold;\">a)\u00a0<\/span>cadastro do participante no sistema\u00a0<a href=\"https:\/\/coloquioeducon.com\/org_trabalhos\/\" data-type=\"URL\" data-id=\"https:\/\/coloquioeducon.com\/org_trabalhos\/\">(clique aqui)<\/a>;<\/p>\n<p style=\"font-size: 21px; text-align: left; max-width: 100%;\"><span style=\"font-weight: bold;\">b)<\/span>\u00a0realiza\u00e7\u00e3o do pagamento da inscri\u00e7\u00e3o;<\/p>\n<p style=\"font-size: 21px; text-align: left; max-width: 100%;\"><span style=\"font-weight: bold;\">c)\u00a0<\/span>complementa\u00e7\u00e3o do cadastro;<\/p>\n<p style=\"font-size: 21px; text-align: left; max-width: 100%;\"><span style=\"font-weight: bold;\">d)\u00a0<\/span>submiss\u00e3o dos trabalhos [etapa opcional].<\/p>\n<h3>Cadastro no Sistema<\/h3>\n<p style=\"font-size: 21px; text-align: left; max-width: 100%;\">Esta etapa se destina a\u00a0<span style=\"font-weight: bold;\">todos\u00a0<\/span>que queiram participar do Evento\u00a0<span style=\"font-weight: bold;\"><em>com direito a certificado<\/em><\/span>. Para quem deseja participar como ouvinte, independente da emiss\u00e3o de certificado, n\u00e3o precisa se inscrever no sistema, basta se inscrever no canal do Col\u00f3quio Educon no YouTube e acess\u00e1-lo nos dias do evento.<\/p>\n<p style=\"font-size: 21px; text-align: left; max-width: 100%;\">A inscri\u00e7\u00e3o \u00e9\u00a0<span style=\"font-weight: bold;\">eletr\u00f4nica\u00a0<\/span>e dever\u00e1 ser feita no\u00a0<a href=\"https:\/\/coloquioeducon.com\/org_trabalhos\/\" data-type=\"URL\" data-id=\"https:\/\/coloquioeducon.com\/org_trabalhos\/\">sistema do Col\u00f3quio<\/a>, preferencialmente por computador (<em>notebook\/desktop<\/em>), pelo preenchimento de formul\u00e1rio pr\u00f3prio<span style=\"font-weight: bold;\">.\u00a0<\/span>Recomendamos que utilize o navegador\u00a0<em>Google Chrome<\/em>. (<em>Para inscri\u00e7\u00f5es via SIGAA, confira informa\u00e7\u00f5es mais abaixo).<\/em><\/p>\n<p style=\"font-size: 21px; text-align: left; max-width: 100%;\">Nesta\u00a0<span style=\"font-weight: bold;\">1\u00aa Etapa<\/span>, o\u00a0sistema tem campos obrigat\u00f3rios dentro do formul\u00e1rio de inscri\u00e7\u00e3o que caso n\u00e3o preenchidos, impedem a conclus\u00e3o do processo. Portanto, antes de iniciar o processo de cadastro,\u00a0<span style=\"font-weight: bold;\">o(a) participante dever\u00e1 se certificar de que disp\u00f5e dos dados necess\u00e1rios<\/span>,\u00a0<span style=\"font-weight: bold;\">seus\u00a0<\/span>(Orcid\u00a0ID; Nome completo; Pa\u00eds; titula\u00e7\u00e3o acad\u00eamica; telefone; tipo de inscri\u00e7\u00e3o &#8211; A, B, C ou D; inscri\u00e7\u00e3o individual ou coletiva;\u00a0<em>e-mail;<\/em>\u00a0CPF) e de eventuais\u00a0<span style=\"font-weight: bold;\">participantes da contribui\u00e7\u00e3o coletiva<\/span>\u00a0(nome completo e\u00a0<em>e-mail<\/em>).<\/p>\n<p style=\"text-align: left; max-width: 100%;\"><b style=\"font-size: 21px;\">OBS: Se voc\u00ea participou do \u00faltimo Col\u00f3quio, bastar fazer o <i>login (se n\u00e3o lembrar a senha, clique em &#8220;<\/i><\/b><b><i>Esqueci a senha(receber por email)&#8221;)<\/i>. O sistema solicitar\u00e1 que voc\u00ea atualize os dados que se fizerem necess\u00e1rios.<\/b><\/p><\/div>\n\t\t\t\t\t\t\t\t\t<div class=\"elementor-tab-title elementor-tab-mobile-title\" aria-selected=\"false\" data-tab=\"2\" role=\"tab\" tabindex=\"-1\" aria-controls=\"elementor-tab-content-1612\" aria-expanded=\"false\">Tipos de Inscri\u00e7\u00e3o<\/div>\n\t\t\t\t\t<div id=\"elementor-tab-content-1612\" class=\"elementor-tab-content elementor-clearfix\" data-tab=\"2\" role=\"tabpanel\" aria-labelledby=\"elementor-tab-title-1612\" tabindex=\"0\" hidden=\"hidden\"><p style=\"font-size: 21px; text-align: left; max-width: 100%;\">O participante dever\u00e1 indicar, no momento do cadastro, o\u00a0<span style=\"font-weight: bold;\">tipo de sua inscri\u00e7\u00e3o\u00a0<\/span>dentre as seguintes:<\/p>\n<h5 style=\"text-align: center;\">Inscri\u00e7\u00e3o \u201cA\u201d<\/h5>\n<p style=\"font-size: 21px; text-align: left; max-width: 100%;\">A Inscri\u00e7\u00e3o \u201cA\u201d inclui:<\/p>\n<p style=\"font-size: 21px; text-align: left; max-width: 100%;\"><span style=\"font-weight: bold;\">a)\u00a0<\/span>submiss\u00e3o de\u00a0<span style=\"font-weight: bold;\">at\u00e9 3 trabalhos in\u00e9ditos<\/span>, nos formatos a seguir:<\/p>\n<p style=\"font-size: 21px; text-align: left; max-width: 100%;\"><span style=\"font-weight: bold;\">a.1)<\/span>\u00a0<span style=\"font-weight: bold;\">2 artigos\u00a0completos para os\u00a0Anais<\/span>\u00a0&#8211;\u00a0 a serem publicados nos Anais do<span style=\"font-weight: bold;\">\u00a0<\/span>XVI<span style=\"font-weight: bold;\">\u00a0<\/span>Col\u00f3quio Internacional Educa\u00e7\u00e3o e Contemporaneidade\u00a0(com\u00a0<span style=\"font-weight: bold;\">ISSN\u00a0<\/span>e\u00a0<span style=\"font-weight: bold;\">DOI<\/span>)\u00a0<span style=\"font-weight: bold;\">(Consultar as Diretrizes para Autores<\/span>).<\/p>\n<p style=\"font-size: 21px; text-align: left; max-width: 100%;\"><span style=\"color: var( --e-global-color-text ); font-weight: bold;\">a.2)\u00a0<\/span><span style=\"color: var( --e-global-color-text ); font-weight: bold;\">1 artigo completo para Revista<\/span><span style=\"color: var( --e-global-color-text ); font-weight: bold;\">\u00a0&#8211;\u00a0\u00a0<\/span><span style=\"color: var( --e-global-color-text );\">\u00a0para publica\u00e7\u00e3o em edi\u00e7\u00e3o eletr\u00f4nica da\u00a0\u00a0<\/span><span style=\"color: var( --e-global-color-text ); font-weight: bold;\">Revista Internacional Educon<\/span><span style=\"color: var( --e-global-color-text );\">\u00a0<\/span><span style=\"color: var( --e-global-color-text );\">, condicionada \u00e0 aprova\u00e7\u00e3o do\u00a0manuscrito\u00a0pelo Conselho Editorial.<\/span><\/p>\n<p style=\"font-size: 21px; text-align: left; max-width: 100%;\"><span style=\"color: var( --e-global-color-text ); font-weight: bold;\">b)<\/span><span style=\"color: var( --e-global-color-text );\">\u00a0<\/span><span style=\"color: var( --e-global-color-text ); font-weight: bold;\">apresenta\u00e7\u00e3o do(s) trabalho(s)<\/span><span style=\"color: var( --e-global-color-text );\">\u00a0 nas Sess\u00f5es de Apresenta\u00e7\u00e3o dos Eixos, com direito a<\/span><span style=\"color: var( --e-global-color-text ); font-weight: bold;\">\u00a0certificado de apresenta\u00e7\u00e3o<\/span><span style=\"color: var( --e-global-color-text );\">.\u00a0O(a) participante dever\u00e1 indicar no ato de inscri\u00e7\u00e3o a modalidade de apresenta\u00e7\u00e3o\u00a0(se por envio de\u00a0<\/span><span style=\"color: var( --e-global-color-text ); font-weight: bold;\">v\u00eddeo\u00a0<\/span><span style=\"color: var( --e-global-color-text );\">ou\u00a0<\/span><span style=\"color: var( --e-global-color-text ); font-weight: bold;\"><em>on-line<\/em><\/span><span style=\"color: var( --e-global-color-text );\">\u00a0&#8211; em tempo real, atrav\u00e9s das plataformas).\u00a0<\/span><span style=\"color: var( --e-global-color-text ); font-weight: bold;\">(Consultar\u00a0normas de Apresenta\u00e7\u00e3o dos Trabalhos<\/span><span style=\"color: var( --e-global-color-text );\">).<\/span><\/p>\n<p style=\"font-size: 21px; text-align: left; max-width: 100%;\"><span style=\"font-weight: bold;\">c)<\/span>\u00a0participa\u00e7\u00e3o em todas as<span style=\"font-weight: bold;\">\u00a0confer\u00eancias e mesas-redondas<\/span>\u00a0do Evento, com direito a\u00a0<span style=\"font-weight: bold;\">certificado de participa\u00e7\u00e3o geral<\/span>.<\/p>\n<h5 style=\"text-align: center;\">Inscri\u00e7\u00e3o \u201cB\u201d<\/h5>\n<p style=\"font-size: 21px; text-align: left; max-width: 100%;\">A Inscri\u00e7\u00e3o \u201cB\u201d inclui:<\/p>\n<p style=\"font-size: 21px; text-align: left; max-width: 100%;\"><span style=\"font-weight: bold;\">a)\u00a0<\/span>submiss\u00e3o de\u00a0<span style=\"font-weight: bold;\">at\u00e9 2 trabalhos in\u00e9ditos<\/span>, nos formatos a seguir:<\/p>\n<p style=\"font-size: 21px; text-align: left; max-width: 100%;\"><span style=\"font-weight: bold;\">a.1)<\/span>\u00a0<span style=\"font-weight: bold;\">2 artigos\u00a0completos para os\u00a0Anais<\/span>\u00a0&#8211;\u00a0 a serem publicados nos Anais do<span style=\"font-weight: bold;\">\u00a0<\/span>XVI Col\u00f3quio Internacional Educa\u00e7\u00e3o e Contemporaneidade\u00a0(com\u00a0<span style=\"font-weight: bold;\">ISSN\u00a0<\/span>e\u00a0<span style=\"font-weight: bold;\">DOI<\/span>)\u00a0<span style=\"font-weight: bold;\">(Consultar as Diretrizes para Autores<\/span>).<\/p>\n<p style=\"font-size: 21px; text-align: left; max-width: 100%;\"><span style=\"color: var( --e-global-color-text ); font-weight: bold;\">b)<\/span><span style=\"color: var( --e-global-color-text );\">\u00a0<\/span><span style=\"color: var( --e-global-color-text ); font-weight: bold;\">apresenta\u00e7\u00e3o do(s) trabalho(s)<\/span><span style=\"color: var( --e-global-color-text );\">\u00a0 nas Sess\u00f5es de Apresenta\u00e7\u00e3o dos Eixos, com direito a<\/span><span style=\"color: var( --e-global-color-text ); font-weight: bold;\">\u00a0certificado de apresenta\u00e7\u00e3o<\/span><span style=\"color: var( --e-global-color-text );\">.\u00a0O(a) participante dever\u00e1 indicar no ato de inscri\u00e7\u00e3o a modalidade de apresenta\u00e7\u00e3o\u00a0(se por envio de\u00a0<\/span><span style=\"color: var( --e-global-color-text ); font-weight: bold;\">v\u00eddeo\u00a0<\/span><span style=\"color: var( --e-global-color-text );\">ou\u00a0<\/span><span style=\"color: var( --e-global-color-text ); font-weight: bold;\"><em>on-line<\/em><\/span><span style=\"color: var( --e-global-color-text );\">\u00a0&#8211; em tempo real, atrav\u00e9s das plataformas).\u00a0<\/span><span style=\"color: var( --e-global-color-text ); font-weight: bold;\">(Consultar\u00a0normas de Apresenta\u00e7\u00e3o dos Trabalhos<\/span><span style=\"color: var( --e-global-color-text );\">).<\/span><\/p>\n<p style=\"font-size: 21px; text-align: left; max-width: 100%;\"><span style=\"font-weight: bold;\">c)<\/span>\u00a0participa\u00e7\u00e3o em todas as<span style=\"font-weight: bold;\">\u00a0confer\u00eancias e mesas-redondas<\/span>\u00a0do Evento, com direito a\u00a0<span style=\"font-weight: bold;\">certificado de participa\u00e7\u00e3o geral<\/span>.<\/p>\n<h5 style=\"text-align: center;\">Inscri\u00e7\u00e3o \u201cC\u201d<\/h5>\n<p style=\"font-size: 21px; text-align: left; max-width: 100%;\">A Inscri\u00e7\u00e3o \u201cC\u201d inclui:<\/p>\n<p style=\"font-size: 21px; text-align: left; max-width: 100%;\"><span style=\"font-weight: bold;\">a)\u00a0<\/span>submiss\u00e3o de\u00a0<span style=\"font-weight: bold;\">at\u00e9 1 trabalho in\u00e9dito<\/span>, nos formato a seguir:<\/p>\n<p style=\"font-size: 21px; text-align: left; max-width: 100%;\"><span style=\"font-weight: bold;\">a.1)<\/span>\u00a0<span style=\"font-weight: bold;\">1 artigo\u00a0completo para os\u00a0Anais<\/span>\u00a0&#8211;\u00a0 a ser publicado nos Anais do<span style=\"font-weight: bold;\">\u00a0<\/span>XV Col\u00f3quio Internacional Educa\u00e7\u00e3o e Contemporaneidade\u00a0(com\u00a0<span style=\"font-weight: bold;\">ISSN\u00a0<\/span>e\u00a0<span style=\"font-weight: bold;\">DOI<\/span>)\u00a0<span style=\"font-weight: bold;\">(Consultar as Diretrizes para Autores<\/span>).<\/p>\n<p style=\"font-size: 21px; text-align: left; max-width: 100%;\"><span style=\"color: var( --e-global-color-text ); font-weight: bold;\">b)<\/span><span style=\"color: var( --e-global-color-text );\">\u00a0<\/span><span style=\"color: var( --e-global-color-text ); font-weight: bold;\">apresenta\u00e7\u00e3o do(s) trabalho(s)<\/span><span style=\"color: var( --e-global-color-text );\">\u00a0 nas Sess\u00f5es de Apresenta\u00e7\u00e3o dos Eixos, com direito a<\/span><span style=\"color: var( --e-global-color-text ); font-weight: bold;\">\u00a0certificado de apresenta\u00e7\u00e3o<\/span><span style=\"color: var( --e-global-color-text );\">.\u00a0<\/span><span style=\"color: var( --e-global-color-text ); font-weight: bold;\">(Consultar\u00a0normas de Apresenta\u00e7\u00e3o dos Trabalhos<\/span><span style=\"color: var( --e-global-color-text );\">). O(a) participante dever\u00e1 indicar no ato de inscri\u00e7\u00e3o a modalidade de apresenta\u00e7\u00e3o\u00a0(se por envio de\u00a0<\/span><span style=\"color: var( --e-global-color-text ); font-weight: bold;\">v\u00eddeo\u00a0<\/span><span style=\"color: var( --e-global-color-text );\">ou\u00a0<\/span><span style=\"color: var( --e-global-color-text ); font-weight: bold;\"><em>on-line<\/em><\/span><span style=\"color: var( --e-global-color-text );\">\u00a0&#8211; em tempo real, atrav\u00e9s das plataformas).<\/span><\/p>\n<p style=\"font-size: 21px; text-align: left; max-width: 100%;\"><span style=\"font-weight: bold;\">c)<\/span>\u00a0participa\u00e7\u00e3o em todas as<span style=\"font-weight: bold;\">\u00a0confer\u00eancias e mesas-redondas<\/span>\u00a0do Evento, com direito a\u00a0<span style=\"font-weight: bold;\">certificado de participa\u00e7\u00e3o geral<\/span>.<\/p>\n<h5 style=\"text-align: center;\">Inscri\u00e7\u00e3o \u201cD\u201d<\/h5>\n<p style=\"font-size: 21px; text-align: left; max-width: 100%;\">A Inscri\u00e7\u00e3o \u201cD\u201d inclui:<\/p>\n<p style=\"font-size: 21px; text-align: left; max-width: 100%;\"><span style=\"font-weight: bold;\">a)\u00a0<\/span>participa\u00e7\u00e3o em todas as<span style=\"font-weight: bold;\">\u00a0confer\u00eancias e mesas-redondas<\/span>\u00a0do Evento, com direito a\u00a0<span style=\"font-weight: bold;\">certificado<\/span>.<\/p>\n<h5 style=\"text-align: center;\">Inscri\u00e7\u00f5es pelo SIGAA\/UFS<\/h5>\n<p style=\"font-size: 21px; text-align: left; max-width: 100%;\">A\u00a0<a href=\"https:\/\/www.sigaa.ufs.br\/sigaa\/public\/extensao\/paginaListaPeriodosInscricoesAtividadesPublico.jsf?aba=p-extensao\">Inscri\u00e7\u00e3o pelo SIGAA<\/a>\u00a0inclui\u00a0<span style=\"font-weight: bold;\">a)\u00a0<\/span>participa\u00e7\u00e3o em todas as<span style=\"font-weight: bold;\">\u00a0confer\u00eancias e mesas-redondas<\/span>\u00a0do Evento, com direito a\u00a0<span style=\"font-weight: bold;\">certificado<\/span>.<\/p>\n<p style=\"text-align: left; max-width: 100%;\">Limitado a\u00a0<span style=\"font-size: 21px; font-weight: bold;\">200 vagas<\/span>\u00a0(<span style=\"font-size: 21px; font-weight: bold;\">150 vagas\u00a0<\/span>para alunos, t\u00e9cnicos, terceirizados e docentes da\u00a0<span style=\"font-size: 21px; font-weight: bold;\">Universidade Federal de Sergipe<\/span>\u00a0e\u00a0<span style=\"font-size: 21px; font-weight: bold;\">50 vagas<\/span>\u00a0para comunidade externa), com per\u00edodo de inscri\u00e7\u00f5es de\u00a0<b>19\/9\/2023 a 26\/9\/2023<\/b>.<\/p>\n<p style=\"font-size: 21px; text-align: left; max-width: 100%;\">Os certificados estar\u00e3o dispon\u00edveis no\u00a0<span style=\"font-weight: bold;\">SIGAA\u00a0<\/span>no prazo estipulado pelo sistema,\u00a0<em>n\u00e3o se responsabilizando a Organiza\u00e7\u00e3o por qualquer indisponibilidade de acesso decorrente de falhas t\u00e9cnicas e\/ou erros no cadastro de participante.<\/em><\/p>\n<h5 style=\"box-sizing: border-box; -webkit-font-smoothing: antialiased; word-break: break-word; overflow-wrap: break-word; border: none; line-height: 1.25; margin: 4.5rem auto 2.5rem; padding: 0px; font-feature-settings: 'lnum'; font-variant-numeric: lining-nums; color: #7a7a7a; font-style: normal; font-variant-ligatures: normal; font-variant-caps: normal; orphans: 2; text-indent: 0px; text-transform: none; white-space: normal; widows: 2; word-spacing: 0px; -webkit-text-stroke-width: 0px; background-color: #ffffff; text-decoration-thickness: initial; text-decoration-style: initial; text-decoration-color: initial; text-align: center;\"><span style=\"color: var( --e-global-color-text );\">Submiss\u00f5es\/Apresenta\u00e7\u00f5es de Trabalhos<\/span><\/h5>\n<h5 style=\"box-sizing: border-box; -webkit-font-smoothing: antialiased; word-break: break-word; overflow-wrap: break-word; border: none; line-height: 1.25; margin: 4.5rem auto 2.5rem; padding: 0px; text-align: left; font-feature-settings: 'lnum'; font-variant-numeric: lining-nums; color: #7a7a7a; font-style: normal; font-variant-ligatures: normal; font-variant-caps: normal; orphans: 2; text-indent: 0px; text-transform: none; white-space: normal; widows: 2; word-spacing: 0px; -webkit-text-stroke-width: 0px; background-color: #ffffff; text-decoration-thickness: initial; text-decoration-style: initial; text-decoration-color: initial;\"><span style=\"font-family: var( --e-global-typography-text-font-family ), Sans-serif; font-size: 21px; font-weight: var( --e-global-typography-text-font-weight ); letter-spacing: normal; color: var( --e-global-color-text );\">A submiss\u00e3o dos trabalhos (e respectivas apresenta\u00e7\u00f5es) destinam-se unicamente aos participantes que se cadastraram previamente nas inscri\u00e7\u00f5es de tipo \u201cA\u201d, \u201cB\u201d ou \u201cC\u201d.<\/span><\/h5>\n<p style=\"font-size: 21px; text-align: left; max-width: 100%;\">As orienta\u00e7\u00f5es necess\u00e1rias constam nas Diretrizes para Autores.<\/p><\/div>\n\t\t\t\t\t\t\t\t\t<div class=\"elementor-tab-title elementor-tab-mobile-title\" aria-selected=\"false\" data-tab=\"3\" role=\"tab\" tabindex=\"-1\" aria-controls=\"elementor-tab-content-1613\" aria-expanded=\"false\">Investimento<\/div>\n\t\t\t\t\t<div id=\"elementor-tab-content-1613\" class=\"elementor-tab-content elementor-clearfix\" data-tab=\"3\" role=\"tabpanel\" aria-labelledby=\"elementor-tab-title-1613\" tabindex=\"0\" hidden=\"hidden\"><h5 class=\"has-text-align-center has-secondary-color has-text-color\">Inscri\u00e7\u00e3o Individual\/Coletiva<\/h5>\n<p style=\"font-size: 21px; text-align: left; max-width: 100%;\">O\/A participante dever\u00e1, no ato do cadastro, indicar a modalidade de pagamento da contribui\u00e7\u00e3o, se&nbsp;<span style=\"font-weight: bold;\">individual&nbsp;<\/span>ou&nbsp;<span style=\"font-weight: bold;\">coletiva&nbsp;<\/span>(<em>3 participantes, com desconto).&nbsp;<\/em><\/p>\n<p style=\"font-size: 21px; text-align: left; max-width: 100%;\">Neste \u00faltimo caso (inscri\u00e7\u00e3o coletiva), o participante respons\u00e1vel pelo pagamento dever\u00e1 indicar os nomes completos e&nbsp;<em>e-mails&nbsp;<\/em>dos outros dois participantes, que receber\u00e3o a notifica\u00e7\u00e3o por e-mail, para que confirmem a inscri\u00e7\u00e3o, complementando o cadastro com as informa\u00e7\u00f5es necess\u00e1rias.<\/p>\n<p style=\"font-size: 21px; text-align: left; max-width: 100%;\">A inscri\u00e7\u00e3o da forma coletiva n\u00e3o vincula os 3 participantes no momento posterior de submiss\u00e3o dos trabalhos (ou seja, cada 1 dos tr\u00eas poder\u00e1 submeter os trabalhos individualmente ou com outros coautores, desde que estejam todos cadastrados no evento).<\/p>\n<h5 id=\"valores\" class=\"has-text-align-center has-secondary-color has-text-color\">Valores<\/h5>\n<p style=\"font-size: 21px; text-align: left; max-width: 100%;\">Os&nbsp;valores das contribui\u00e7\u00f5es, destinadas&nbsp;\u00e0s&nbsp;despesas necess\u00e1rias \u00e0 realiza\u00e7\u00e3o do Evento, est\u00e3o descritos nas tabelas a seguir (separadas por titula\u00e7\u00e3o acad\u00eamica\/situa\u00e7\u00e3o profissional)&nbsp;e s\u00e3o crescentes, conforme per\u00edodo de inscri\u00e7\u00e3o.<\/p>\n<p style=\"font-size: 21px; text-align: left; max-width: 100%;\"><img decoding=\"async\" class=\"aligncenter\" style=\"font-size: 16px;\" src=\"https:\/\/lh3.googleusercontent.com\/NSV17aeIhBZ9gDsc2g8KVLlJliAezIHYgWo-nt8AN9ZiXvq0rtiMrV4qwP7oJHb7X9kTKn9Bm4G1gFCcRfSwFlZlNZzK7BSE2HMyWnK_p1eoReq5AOJtmUhhFj-TFg\" alt=\"\"><\/p>\n<h5 class=\"has-text-align-center has-secondary-color has-text-color\">Formas de Pagamento<\/h5>\n<p style=\"font-size: 21px; text-align: left; max-width: 100%;\">Os&nbsp;valores das contribui\u00e7\u00f5es poder\u00e3o ser pagos:<\/p>\n<p style=\"font-size: 21px; text-align: left; max-width: 100%;\"><span style=\"font-weight: bold;\">a) via PIX &#8211;&nbsp;<\/span>atrav\u00e9s da chave de email:&nbsp;<span style=\"font-weight: bold;\">inscricoes@coloquioeducon.com&nbsp;<\/span>ou pela leitura do&nbsp;<em>QRcode&nbsp;<\/em>abaixo. O&nbsp;comprovante dever\u00e1 ser anexado no sistema no momento do cadastro.<\/p>\n<p style=\"font-size: 21px; text-align: left; max-width: 100%;\"><img fetchpriority=\"high\" decoding=\"async\" class=\"aligncenter\" style=\"font-size: 16px;\" src=\"https:\/\/lh6.googleusercontent.com\/-JN2aZErVMYZAlbYaHR4jS9h0HBm9638T1hmlIaPqvftMAaG02kO4NHNol146A5Swq01AjmjKOL0UrV3bdChEeMXVZkkKxIA59_L_bH6lvyEjtwZqh5v2X0Np5mTEQ\" alt=\"\" width=\"250\" height=\"250\"><\/p>\n<p style=\"font-size: 21px; text-align: left; max-width: 100%;\"><span style=\"font-weight: bold;\">b) via Mercado Pago\/PagSeguro (cart\u00e3o de cr\u00e9dito) &#8211;&nbsp;<\/span>nesse caso, ap\u00f3s a inscri\u00e7\u00e3o, o sistema redirecionar\u00e1 o(a) participante para o&nbsp;<span style=\"font-weight: bold;\"><em>link&nbsp;<\/em>de pagamento.<\/span><\/p>\n<h4 class=\"has-text-align-center has-accent-color has-text-color\">Complementa\u00e7\u00e3o do Cadastro<\/h4>\n<p style=\"font-size: 21px; text-align: left; max-width: 100%;\">Ap\u00f3s o pagamento, o(a) participante dever\u00e1 finalizar o preenchimento de todas as informa\u00e7\u00f5es obrigat\u00f3rias, para que o cadastro seja finalizado, assegurando assim, sua participa\u00e7\u00e3o no Evento, bem como a submiss\u00e3o dos trabalhos, se for o caso.<\/p><\/div>\n\t\t\t\t\t\t\t\t\t<div class=\"elementor-tab-title elementor-tab-mobile-title\" aria-selected=\"false\" data-tab=\"4\" role=\"tab\" tabindex=\"-1\" aria-controls=\"elementor-tab-content-1614\" aria-expanded=\"false\">Programa\u00e7\u00e3o<\/div>\n\t\t\t\t\t<div id=\"elementor-tab-content-1614\" class=\"elementor-tab-content elementor-clearfix\" data-tab=\"4\" role=\"tabpanel\" aria-labelledby=\"elementor-tab-title-1614\" tabindex=\"0\" hidden=\"hidden\"><p style=\"font-size: 21px; text-align: left; max-width: 100%;\">O Col\u00f3quio Internacional Educa\u00e7\u00e3o e Contemporaneidade oferecer\u00e1 confer\u00eancias e mesas-redondas Internacionais e Nacionais transmitidas\u00a0<em>on-line<\/em>, no Canal Youtube Col\u00f3quio Educon.<\/p>\n<p style=\"font-size: 21px; text-align: left; max-width: 100%;\">\u00a0\u00c9<span style=\"font-weight: bold;\">\u00a0obrigat\u00f3rio que todos os participantes tenham uma Conta Google ativa<\/span>\u00a0e\u00a0<a href=\"https:\/\/www.youtube.com\/channel\/UCtucaQGnty51FVarAQ-8--w\/\"><span style=\"font-weight: bold;\">se inscrevam no Canal Youtube do Col\u00f3quio Educon<\/span><\/a>.<\/p>\n<p style=\"font-size: 21px; text-align: left; max-width: 100%;\">A Comiss\u00e3o Organiza\u00e7\u00e3o do Col\u00f3quio s\u00f3 divulgar\u00e1 o nome de um(a) palestrante (confer\u00eancia, mesa-redonda) ap\u00f3s acordo deste. Contudo, sempre podem acontecer imprevistos, n\u00e3o control\u00e1veis pela Organiza\u00e7\u00e3o, que o(a) impe\u00e7am de participar do Col\u00f3quio. Nesses casos, os participantes n\u00e3o ter\u00e3o direito a qualquer indeniza\u00e7\u00e3o ou reembolso.<\/p>\n<p style=\"font-size: 21px; text-align: left; max-width: 100%;\">Considerando a amplitude da programa\u00e7\u00e3o, com confer\u00eancias e mesas-redondas simult\u00e2neas, os participantes dever\u00e3o optar por aquelas que os interessarem, acessando a plataforma correspondente (conforme instru\u00e7\u00f5es constantes do\u00a0<em>site\u00a0<\/em>do Evento.<\/p>\n<p style=\"font-size: 21px; text-align: left; max-width: 100%;\">Em todos os dias de realiza\u00e7\u00e3o das Confer\u00eancias\/Mesas-redondas, os participantes dever\u00e3o realizar seu credenciamento (1 vez por dia). O certificado de participa\u00e7\u00e3o no Col\u00f3quio, com carga hor\u00e1ria total de 24 horas, ser\u00e1 \u00fanico, para toda as Confer\u00eancias e Mesas-Redondas, e liberado apenas aos participantes que tenham realizado o credenciamento todos os dias.<\/p>\n<p style=\"font-size: 21px; text-align: left; max-width: 100%;\">As confer\u00eancias e mesas-redondas ser\u00e3o realizadas 100%\u00a0<em>on-line<\/em>, n\u00e3o se responsabilizando a Organiza\u00e7\u00e3o por nenhum requisito e\/ou condi\u00e7\u00e3o t\u00e9cnica quanto ao acesso \u00e0s plataformas, sendo de responsabilidade dos participantes a qualidade da\u00a0<em>internet<\/em>, provedores e equipamentos necess\u00e1rios.<\/p>\n<h2 class=\"has-text-align-center has-larger-font-size has-accent-color has-text-color\">CERTIFICADOS<\/h2>\n<p style=\"font-size: 21px; text-align: left; max-width: 100%;\">Somente ter\u00e3o direito aos certificados os participantes devidamente inscritos que tiverem feito o credenciamento nos dias de realiza\u00e7\u00e3o do Evento.\u00a0<\/p>\n<p style=\"font-size: 21px; text-align: left; max-width: 100%;\">A forma de emiss\u00e3o do certificado depender\u00e1 do local de inscri\u00e7\u00e3o, se pelo\u00a0<em>site\u00a0<\/em>do Col\u00f3quio ou pelo SIGAA (para a comunidade da Universidade Federal de Sergipe).<\/p>\n<h3 class=\"has-text-align-center has-normal-font-size has-secondary-color has-text-color\">Primeiro caso:<br \/>inscri\u00e7\u00f5es pelo\u00a0<em>site\u00a0<\/em>do Col\u00f3quio<\/h3>\n<p style=\"font-size: 21px; text-align: left; max-width: 100%;\">Os participantes dever\u00e3o acessar o sistema com seus dados de acesso (CPF\/Orcid Id e senha) e realizar o\u00a0<em>download\u00a0<\/em>do certificado, que ser\u00e1 disponibilizado depois do Evento, em um prazo razo\u00e1vel (ap\u00f3s o processamento dos credenciamentos dos participantes).<\/p>\n<p style=\"font-size: 21px; text-align: left; max-width: 100%;\">Os participantes ter\u00e3o at\u00e9 o dia\u00a0<span style=\"font-weight: bold;\">31\/12\/2023<\/span>\u00a0para baixarem o referido certificado, n\u00e3o se responsabilizando a Organiza\u00e7\u00e3o de qualquer forma pela emiss\u00e3o ap\u00f3s o transcurso do prazo mencionado.<\/p>\n<h3 class=\"has-text-align-center has-normal-font-size has-secondary-color has-text-color\">Segundo caso:<br \/>inscri\u00e7\u00f5es pelo SIGAA<\/h3>\n<p style=\"font-size: 21px; text-align: left; max-width: 100%;\">Os certificados de ouvinte\u00a0ser\u00e3o disponibilizados ap\u00f3s aprova\u00e7\u00e3o da Pr\u00f3-Reitoria de Extens\u00e3o da Universidade Federal de Sergipe pelo SIGAA, devendo o acesso ser feito pelo participante atrav\u00e9s do\u00a0<em>e-mail\u00a0<\/em>e senha cadastrados (a Organiza\u00e7\u00e3o n\u00e3o tem qualquer inger\u00eancia sobre eventuais erros e necess\u00e1rias retifica\u00e7\u00f5es nesse cadastro).<\/p><\/div>\n\t\t\t\t\t\t\t\t\t<div class=\"elementor-tab-title elementor-tab-mobile-title\" aria-selected=\"false\" data-tab=\"5\" role=\"tab\" tabindex=\"-1\" aria-controls=\"elementor-tab-content-1615\" aria-expanded=\"false\">Cronograma<\/div>\n\t\t\t\t\t<div id=\"elementor-tab-content-1615\" class=\"elementor-tab-content elementor-clearfix\" data-tab=\"5\" role=\"tabpanel\" aria-labelledby=\"elementor-tab-title-1615\" tabindex=\"0\" hidden=\"hidden\"><p><\/p>\n<table style=\"text-align: left; border-collapse: inherit; width: 1119px;\">\n<tbody>\n<tr style=\"background: #dbdbdb;\">\n<td style=\"border-color: transparent;\"><span style=\"font-weight: bold;\">Encerramento das inscri\u00e7\u00f5es<\/span>&nbsp;<span style=\"font-weight: bold;\">(participantes com trabalhos)<\/span><\/td>\n<td style=\"border-color: transparent;\" data-align=\"center\"><span style=\"font-weight: bold;\">31\/8\/2023<\/span><\/td>\n<\/tr>\n<tr>\n<td style=\"border-color: transparent;\"><span style=\"font-weight: bold;\">Prazo para submiss\u00f5es (Anais\/Revista)<\/span><\/td>\n<td style=\"border-color: transparent;\" data-align=\"center\"><b>31\/8\/2023<\/b><\/td>\n<\/tr>\n<tr style=\"background: #dbdbdb;\">\n<td style=\"border-color: transparent;\"><b>Prazo para envio dos v\u00eddeos das apresenta\u00e7\u00f5es (participantes que optaram por essa modalidade)<\/b><\/td>\n<td style=\"border-color: transparent;\" data-align=\"center\"><b>8\/9\/2023<\/b><\/td>\n<\/tr>\n<tr>\n<td style=\"border-color: transparent;\"><b>Disponibiliza\u00e7\u00e3o de instru\u00e7\u00f5es de acesso das salas virtuais e hor\u00e1rios das apresenta\u00e7\u00f5es de trabalhos (on-line\/s\u00edncronas)<\/b><\/td>\n<td style=\"border-color: transparent;\" data-align=\"center\"><b>9\/9\/2023<\/b><\/td>\n<\/tr>\n<tr style=\"background: #dbdbdb;\">\n<td style=\"border-color: transparent;\"><b>Sess\u00f5es de Apresenta\u00e7\u00f5es de Trabalhos (on-line\/s\u00edncronas)<\/b><\/td>\n<td style=\"border-color: transparent;\" data-align=\"center\"><b>28\/9\/2023 e 29\/9\/2023<\/b><\/td>\n<\/tr>\n<tr>\n<td style=\"border-color: transparent;\">\n<p><b>Inscri\u00e7\u00f5es como ouvinte pelo SIGAA<\/b><\/p>\n<p><\/p>\n<p><b>&nbsp;<\/b><\/p>\n<\/td>\n<td style=\"border-color: transparent;\"><b>19\/9\/2023 a 26\/9\/2023<\/b><\/td>\n<td style=\"border-color: transparent;\" data-align=\"center\">&nbsp;<\/td>\n<\/tr>\n<tr style=\"background: #dbdbdb;\">\n<td style=\"border-color: transparent;\"><b>Cerim\u00f4nia e Confer\u00eancia Internacional de Abertura do Col\u00f3quio<\/b><\/td>\n<td style=\"border-color: transparent;\" data-align=\"center\"><b>27\/9\/2023<\/b><\/td>\n<\/tr>\n<tr>\n<td style=\"border-color: transparent;\"><b>Confer\u00eancias, Mesas-redondas Internacionais do Col\u00f3quio e Lan\u00e7amentos de Livros <\/b><\/td>\n<td style=\"border-color: transparent;\" data-align=\"center\"><b>27\/9\/2023 a 29\/9\/2023<\/b><\/td>\n<\/tr>\n<tr style=\"background: #dbdbdb;\">\n<td style=\"border-color: transparent;\"><b>&nbsp;Encerramento do Col\u00f3quio <\/b><\/td>\n<td style=\"border-color: transparent;\" data-align=\"center\"><b>29\/9\/2023<\/b><\/td>\n<\/tr>\n<tr>\n<td style=\"border-color: transparent;\"><b>Publica\u00e7\u00e3o dos Anais\/Revista e disponibiliza\u00e7\u00e3o dos Certificados<br><\/b><\/td>\n<td style=\"border-color: transparent;\" data-align=\"center\"><b>31\/10\/2023<\/b><\/td>\n<\/tr>\n<tr style=\"background: #dbdbdb;\">\n<td style=\"border-color: transparent;\"><span style=\"font-weight: bold;\">Prazo para participantes efetuarem o&nbsp;<\/span><em style=\"font-size: 18px; text-align: left; font-weight: bold;\">download&nbsp;<\/em><span style=\"font-weight: bold;\">dos certificados no sistema<\/span><\/td>\n<td style=\"border-color: transparent;\" data-align=\"center\"><span style=\"font-weight: bold;\">31\/12\/2023<\/span><\/td>\n<\/tr>\n<tr>\n<td style=\"border-color: transparent;\"><span style=\"font-weight: bold;\">&nbsp;<\/span><\/td>\n<td style=\"border-color: transparent;\" data-align=\"center\">&nbsp;<\/td>\n<\/tr>\n<\/tbody>\n<\/table><\/div>\n\t\t\t\t\t\t\t<\/div>\n\t\t<\/div>\n\t\t\t\t\t\t<\/div>\n\t\t\t\t<\/div>\n\t\t\t\t\t<\/div>\n\t\t<\/div>\n\t\t\t\t\t<\/div>\n\t\t<\/section>\n\t\t\t\t<\/div>\n\t\t","protected":false},"excerpt":{"rendered":"<p>Antes de realizar sua inscri\u00e7\u00e3o,\u00a0\u00e9 necess\u00e1rio ler cuidadosamente as Normas abaixo e as Diretrizes para Autores.<\/p>\n","protected":false},"author":1,"featured_media":0,"parent":0,"menu_order":1,"comment_status":"closed","ping_status":"closed","template":"templates\/template-full-width.php","meta":{"site-sidebar-layout":"default","site-content-layout":"","ast-site-content-layout":"default","site-content-style":"default","site-sidebar-style":"default","ast-global-header-display":"","ast-banner-title-visibility":"","ast-main-header-display":"","ast-hfb-above-header-display":"","ast-hfb-below-header-display":"","ast-hfb-mobile-header-display":"","site-post-title":"","ast-breadcrumbs-content":"","ast-featured-img":"","footer-sml-layout":"","theme-transparent-header-meta":"","adv-header-id-meta":"","stick-header-meta":"","header-above-stick-meta":"","header-main-stick-meta":"","header-below-stick-meta":"","astra-migrate-meta-layouts":"default","ast-page-background-enabled":"default","ast-page-background-meta":{"desktop":{"background-color":"var(--ast-global-color-5)","background-image":"","background-repeat":"repeat","background-position":"center center","background-size":"auto","background-attachment":"scroll","background-type":"","background-media":"","overlay-type":"","overlay-color":"","overlay-opacity":"","overlay-gradient":""},"tablet":{"background-color":"","background-image":"","background-repeat":"repeat","background-position":"center center","background-size":"auto","background-attachment":"scroll","background-type":"","background-media":"","overlay-type":"","overlay-color":"","overlay-opacity":"","overlay-gradient":""},"mobile":{"background-color":"","background-image":"","background-repeat":"repeat","background-position":"center center","background-size":"auto","background-attachment":"scroll","background-type":"","background-media":"","overlay-type":"","overlay-color":"","overlay-opacity":"","overlay-gradient":""}},"ast-content-background-meta":{"desktop":{"background-color":"var(--ast-global-color-4)","background-image":"","background-repeat":"repeat","background-position":"center center","background-size":"auto","background-attachment":"scroll","background-type":"","background-media":"","overlay-type":"","overlay-color":"","overlay-opacity":"","overlay-gradient":""},"tablet":{"background-color":"var(--ast-global-color-4)","background-image":"","background-repeat":"repeat","background-position":"center center","background-size":"auto","background-attachment":"scroll","background-type":"","background-media":"","overlay-type":"","overlay-color":"","overlay-opacity":"","overlay-gradient":""},"mobile":{"background-color":"var(--ast-global-color-4)","background-image":"","background-repeat":"repeat","background-position":"center center","background-size":"auto","background-attachment":"scroll","background-type":"","background-media":"","overlay-type":"","overlay-color":"","overlay-opacity":"","overlay-gradient":""}},"footnotes":""},"class_list":["post-79","page","type-page","status-publish","hentry"],"_links":{"self":[{"href":"https:\/\/coloquioeducon.com\/xvii\/wp-json\/wp\/v2\/pages\/79","targetHints":{"allow":["GET"]}}],"collection":[{"href":"https:\/\/coloquioeducon.com\/xvii\/wp-json\/wp\/v2\/pages"}],"about":[{"href":"https:\/\/coloquioeducon.com\/xvii\/wp-json\/wp\/v2\/types\/page"}],"author":[{"embeddable":true,"href":"https:\/\/coloquioeducon.com\/xvii\/wp-json\/wp\/v2\/users\/1"}],"replies":[{"embeddable":true,"href":"https:\/\/coloquioeducon.com\/xvii\/wp-json\/wp\/v2\/comments?post=79"}],"version-history":[{"count":37,"href":"https:\/\/coloquioeducon.com\/xvii\/wp-json\/wp\/v2\/pages\/79\/revisions"}],"predecessor-version":[{"id":4752,"href":"https:\/\/coloquioeducon.com\/xvii\/wp-json\/wp\/v2\/pages\/79\/revisions\/4752"}],"wp:attachment":[{"href":"https:\/\/coloquioeducon.com\/xvii\/wp-json\/wp\/v2\/media?parent=79"}],"curies":[{"name":"wp","href":"https:\/\/api.w.org\/{rel}","templated":true}]}}